{"id":5300,"date":"2024-01-02T18:11:36","date_gmt":"2024-01-02T17:11:36","guid":{"rendered":"https:\/\/restaurantemanjares.es\/?page_id=5300"},"modified":"2026-05-01T10:02:20","modified_gmt":"2026-05-01T08:02:20","slug":"menus-grupos-manjares","status":"publish","type":"page","link":"https:\/\/restaurantemanjares.es\/en\/menus-grupos-manjares\/","title":{"rendered":"Men\u00fas 2025"},"content":{"rendered":"<div data-elementor-type=\"wp-page\" data-elementor-id=\"5300\" class=\"elementor elementor-5300\" data-elementor-post-type=\"page\">\n\t\t\t\t\t\t<section class=\"elementor-section elementor-top-section elementor-element elementor-element-037be2d elementor-section-full_width elementor-section-height-default elementor-section-height-default\" data-id=\"037be2d\" data-element_type=\"section\" data-e-type=\"section\" data-settings=\"{&quot;background_background&quot;:&quot;classic&quot;}\">\n\t\t\t\t\t\t<div class=\"elementor-container elementor-column-gap-default\">\n\t\t\t\t\t<div class=\"elementor-column elementor-col-100 elementor-top-column elementor-element elementor-element-017208a\" data-id=\"017208a\" data-element_type=\"column\" data-e-type=\"column\" data-settings=\"{&quot;background_background&quot;:&quot;classic&quot;}\">\n\t\t\t<div class=\"elementor-widget-wrap elementor-element-populated\">\n\t\t\t\t\t\t<div class=\"elementor-element elementor-element-5c524eb elementor-widget elementor-widget-heading\" data-id=\"5c524eb\" data-element_type=\"widget\" data-e-type=\"widget\" data-widget_type=\"heading.default\">\n\t\t\t\t<div class=\"elementor-widget-container\">\n\t\t\t\t\t<h1 class=\"elementor-heading-title elementor-size-xxl\">Men\u00fas de grupo Manjares<\/h1>\t\t\t\t<\/div>\n\t\t\t\t<\/div>\n\t\t<div class=\"elementor-element elementor-element-b7e0b05 e-grid e-con-full e-con e-child\" data-id=\"b7e0b05\" data-element_type=\"container\" data-e-type=\"container\">\n\t\t\t\t<div class=\"elementor-element elementor-element-a1711e1 elementor-cta--skin-classic elementor-animated-content elementor-bg-transform elementor-bg-transform-zoom-in elementor-widget elementor-widget-call-to-action\" data-id=\"a1711e1\" data-element_type=\"widget\" data-e-type=\"widget\" data-widget_type=\"call-to-action.default\">\n\t\t\t\t<div class=\"elementor-widget-container\">\n\t\t\t\t\t\t\t<div class=\"elementor-cta\">\n\t\t\t\t\t<div class=\"elementor-cta__bg-wrapper\">\n\t\t\t\t<div class=\"elementor-cta__bg elementor-bg\" style=\"background-image: url(https:\/\/restaurantemanjares.es\/wp-content\/uploads\/2022\/11\/09102022-_78A8896-Editar-1024x683.jpg);\" role=\"img\" aria-label=\"Sal\u00f3n Cueva\"><\/div>\n\t\t\t\t<div class=\"elementor-cta__bg-overlay\"><\/div>\n\t\t\t<\/div>\n\t\t\t\t\t\t\t<div class=\"elementor-cta__content\">\n\t\t\t\t\n\t\t\t\t\t\t\t\t\t<h2 class=\"elementor-cta__title elementor-cta__content-item elementor-content-item\">\n\t\t\t\t\t\tSal\u00f3n La B\u00f3veda\t\t\t\t\t<\/h2>\n\t\t\t\t\n\t\t\t\t\t\t\t\t\t<div class=\"elementor-cta__description elementor-cta__content-item elementor-content-item\">\n\t\t\t\t\t\tCapacity: up to 44 people\t\t\t\t\t<\/div>\n\t\t\t\t\n\t\t\t\t\t\t\t<\/div>\n\t\t\t\t\t\t<\/div>\n\t\t\t\t\t\t<\/div>\n\t\t\t\t<\/div>\n\t\t\t\t<div class=\"elementor-element elementor-element-55592b1 elementor-cta--skin-classic elementor-animated-content elementor-bg-transform elementor-bg-transform-zoom-in elementor-widget elementor-widget-call-to-action\" data-id=\"55592b1\" data-element_type=\"widget\" data-e-type=\"widget\" data-widget_type=\"call-to-action.default\">\n\t\t\t\t<div class=\"elementor-widget-container\">\n\t\t\t\t\t\t\t<div class=\"elementor-cta\">\n\t\t\t\t\t<div class=\"elementor-cta__bg-wrapper\">\n\t\t\t\t<div class=\"elementor-cta__bg elementor-bg\" style=\"background-image: url(https:\/\/restaurantemanjares.es\/wp-content\/uploads\/2025\/03\/bodega_2025-1024x768.jpeg);\" role=\"img\" aria-label=\"Sal\u00f3n La Bodega\"><\/div>\n\t\t\t\t<div class=\"elementor-cta__bg-overlay\"><\/div>\n\t\t\t<\/div>\n\t\t\t\t\t\t\t<div class=\"elementor-cta__content\">\n\t\t\t\t\n\t\t\t\t\t\t\t\t\t<h2 class=\"elementor-cta__title elementor-cta__content-item elementor-content-item\">\n\t\t\t\t\t\tSal\u00f3n La Bodega\t\t\t\t\t<\/h2>\n\t\t\t\t\n\t\t\t\t\t\t\t\t\t<div class=\"elementor-cta__description elementor-cta__content-item elementor-content-item\">\n\t\t\t\t\t\tCapacity: up to 24 people\t\t\t\t\t<\/div>\n\t\t\t\t\n\t\t\t\t\t\t\t<\/div>\n\t\t\t\t\t\t<\/div>\n\t\t\t\t\t\t<\/div>\n\t\t\t\t<\/div>\n\t\t\t\t<\/div>\n\t\t\t\t<div class=\"elementor-element elementor-element-d93645d elementor-widget elementor-widget-text-editor\" data-id=\"d93645d\" data-element_type=\"widget\" data-e-type=\"widget\" data-widget_type=\"text-editor.default\">\n\t\t\t\t<div class=\"elementor-widget-container\">\n\t\t\t\t\t\t\t\t\t<p style=\"text-align: center;\"><span style=\"color: #000000;\">Viajes organizados, cumplea\u00f1os, reuniones con amigos, comidas o cenas de empresa, bautizos, fiestas sorpresa, coctel de presentaci\u00f3n de productos &#8230;.<\/span><\/p><p style=\"text-align: center;\"><span style=\"color: #000000;\">Los d\u00edas especiales, que a lo largo del a\u00f1o llenan de rojo el calendario, se disfrutan mucho m\u00e1s en torno a la buena mesa y en <span class=\"color-fuente-destacado\">Delicacies<\/span> te espera el sitio ideal para organizar este tipo de eventos<\/span><\/p><p style=\"text-align: center;\"><span style=\"color: #000000;\">En nuestro restaurante, t\u00fa y los tuyos podr\u00e9is degustar los mejores <strong>men\u00fas para grupos en Toledo <\/strong>en una casa palacio del siglo XVI. Vosotros eleg\u00eds la compa\u00f1\u00eda y el motivo de la celebraci\u00f3n, nosotros nos encargamos de la comida<\/span><\/p><p style=\"text-align: center;\"><span style=\"color: #000000;\">Bajo reserva, preparamos\u00a0<strong>men\u00fas para ocasiones especiales <\/strong>a medida de vuestros gustos y necesidades<\/span><\/p><p style=\"text-align: center;\"><span style=\"color: #000000;\">Si en nuestros men\u00fas predefinidos no encontr\u00e1is lo que busc\u00e1is, decidnos qu\u00e9 os apetece comer y cu\u00e1nto ten\u00e9is pensado gastar por comensal y os ofreceremos una propuesta gastron\u00f3mica personalizada<\/span><\/p><p style=\"text-align: center;\"><span style=\"color: #000000;\">Disponemos de varios salones, con la posibilidad de reservar la totalidad de las mesas y cerrarlos para vosotros<\/span><\/p><p style=\"text-align: center;\"><span style=\"color: #000000;\">Para Agencias de Viaje ofrecemos gratuidades en funci\u00f3n del men\u00fa y n\u00famero de comensales<\/span><\/p>\t\t\t\t\t\t\t\t<\/div>\n\t\t\t\t<\/div>\n\t\t\t\t<div class=\"elementor-element elementor-element-382b5c6 elementor-align-center elementor-widget elementor-widget-button\" data-id=\"382b5c6\" data-element_type=\"widget\" data-e-type=\"widget\" data-widget_type=\"button.default\">\n\t\t\t\t<div class=\"elementor-widget-container\">\n\t\t\t\t\t\t\t\t\t<div class=\"elementor-button-wrapper\">\n\t\t\t\t\t<a class=\"elementor-button elementor-button-link elementor-size-sm\" href=\"https:\/\/restaurantemanjares.es\/en\/contact\/\">\n\t\t\t\t\t\t<span class=\"elementor-button-content-wrapper\">\n\t\t\t\t\t\t\t\t\t<span class=\"elementor-button-text\">BOOK<\/span>\n\t\t\t\t\t<\/span>\n\t\t\t\t\t<\/a>\n\t\t\t\t<\/div>\n\t\t\t\t\t\t\t\t<\/div>\n\t\t\t\t<\/div>\n\t\t\t\t\t<\/div>\n\t\t<\/div>\n\t\t\t\t\t<\/div>\n\t\t<\/section>\n\t\t\t\t<section class=\"elementor-section elementor-top-section elementor-element elementor-element-cf98749 elementor-section-boxed elementor-section-height-default elementor-section-height-default\" data-id=\"cf98749\" data-element_type=\"section\" data-e-type=\"section\" data-settings=\"{&quot;background_background&quot;:&quot;classic&quot;}\">\n\t\t\t\t\t\t<div class=\"elementor-container elementor-column-gap-default\">\n\t\t\t\t\t<div class=\"elementor-column elementor-col-100 elementor-top-column elementor-element elementor-element-54d464a\" data-id=\"54d464a\" data-element_type=\"column\" data-e-type=\"column\" data-settings=\"{&quot;background_background&quot;:&quot;classic&quot;}\">\n\t\t\t<div class=\"elementor-widget-wrap elementor-element-populated\">\n\t\t\t\t\t\t<div class=\"elementor-element elementor-element-adbab46 elementor-widget elementor-widget-text-editor\" data-id=\"adbab46\" data-element_type=\"widget\" data-e-type=\"widget\" data-widget_type=\"text-editor.default\">\n\t\t\t\t<div class=\"elementor-widget-container\">\n\t\t\t\t\t\t\t\t\t<p><span style=\"color: #000000;\"><em>\u00a0<\/em><\/span><\/p><h2 style=\"text-align: center;\"><span style=\"color: #003366;\"><strong>MEN\u00da MANJARES<\/strong><\/span><\/h2><h3 style=\"text-align: center;\"><span style=\"color: #003366;\"><strong>TO SHARE<\/strong><\/span><\/h3><p style=\"text-align: center;\"><span style=\"color: #000000;\"><strong>Manjares Smoked Salad<\/strong><\/span><\/p><p style=\"text-align: center;\"><span style=\"color: #000000;\"><strong>Soria-style \"Torrezno\" (Crispy Pork Belly)\u00a0 <\/strong><\/span><strong><span style=\"color: #000000;\">served with parmentier, aioli and salsa verde<\/span><\/strong><\/p><h3 style=\"text-align: center;\"><span style=\"color: #003366;\"><strong>PRINCIPAL DISH<\/strong><\/span><\/h3><p style=\"text-align: center;\" class=\"translation-block\"><span style=\"color: #000000\"><strong>Young veal with potato wedges and Padr\u00f3n peppers<\/strong><\/span><\/p><p style=\"text-align: center;\"><span style=\"color: #000000;\"><strong>Lingote de Bacalao con pisto Manchego<\/strong><\/span><\/p><h3 style=\"text-align: center;\"><span style=\"color: #003366;\"><strong>TERMINAMOS<\/strong><\/span><\/h3><p style=\"text-align: center;\"><span style=\"color: #000000;\"><strong>Coulant de chocolate<\/strong><\/span><\/p>\t\t\t\t\t\t\t\t<\/div>\n\t\t\t\t<\/div>\n\t\t\t\t<div class=\"elementor-element elementor-element-0db90be elementor-widget elementor-widget-text-editor\" data-id=\"0db90be\" data-element_type=\"widget\" data-e-type=\"widget\" data-widget_type=\"text-editor.default\">\n\t\t\t\t<div class=\"elementor-widget-container\">\n\t\t\t\t\t\t\t\t\t<h3 style=\"text-align: center;\"><strong><span style=\"color: #000000;\"><a style=\"color: #000000;\" title=\"BOOK\" href=\"https:\/\/restaurantemanjares.es\/en\/contact\/\" target=\"_blank\" rel=\"noopener\">Precio Men\u00fa 30\u20ac *<\/a><\/span><\/strong><\/h3><p style=\"text-align: center;\"><span style=\"color: #000000;\">Bebidas: agua y vino<\/span><\/p><p style=\"text-align: center;\"><span style=\"color: #000000;\">Pan incluido<\/span><\/p><p style=\"text-align: center;\"><span style=\"color: #000000;\">Suplementos: pan sin gluten 2,20\u20ac, c<\/span><span style=\"color: #000000;\">opa de cava 3,50\u20ac, c<\/span><span style=\"color: #000000;\">ombinado cl\u00e1sico 7\u20ac<\/span><\/p>\t\t\t\t\t\t\t\t<\/div>\n\t\t\t\t<\/div>\n\t\t\t\t\t<\/div>\n\t\t<\/div>\n\t\t\t\t\t<\/div>\n\t\t<\/section>\n\t\t\t\t<section class=\"elementor-section elementor-top-section elementor-element elementor-element-9921830 elementor-section-boxed elementor-section-height-default elementor-section-height-default\" data-id=\"9921830\" data-element_type=\"section\" data-e-type=\"section\" data-settings=\"{&quot;background_background&quot;:&quot;classic&quot;}\">\n\t\t\t\t\t\t<div class=\"elementor-container elementor-column-gap-default\">\n\t\t\t\t\t<div class=\"elementor-column elementor-col-100 elementor-top-column elementor-element elementor-element-ab866b3\" data-id=\"ab866b3\" data-element_type=\"column\" data-e-type=\"column\" data-settings=\"{&quot;background_background&quot;:&quot;classic&quot;}\">\n\t\t\t<div class=\"elementor-widget-wrap elementor-element-populated\">\n\t\t\t\t\t\t<div class=\"elementor-element elementor-element-837f2cf elementor-widget elementor-widget-text-editor\" data-id=\"837f2cf\" data-element_type=\"widget\" data-e-type=\"widget\" data-widget_type=\"text-editor.default\">\n\t\t\t\t<div class=\"elementor-widget-container\">\n\t\t\t\t\t\t\t\t\t<p style=\"text-align: center;\"><span style=\"color: #000000;\"><em>\u00a0<\/em><\/span><\/p><h2 style=\"text-align: center;\"><span style=\"color: #003366;\"><strong>MEN\u00da LA POSADA<\/strong><\/span><\/h2><h3 style=\"text-align: center;\"><span style=\"color: #003366;\"><strong>ENTRANTE<\/strong><\/span><\/h3><p style=\"text-align: center;\"><span style=\"color: #000000;\"><strong>Cecina de Le\u00f3n<\/strong><\/span><\/p><h3 style=\"text-align: center;\"><span style=\"color: #003366;\"><strong>TO SHARE<\/strong><\/span><\/h3><p style=\"text-align: center;\"><strong><span class=\"a_GcMg font-feature-liga-off font-feature-clig-off font-feature-calt-off text-decoration-none text-strikethrough-none\" style=\"color: #000000;\">Tomate de la Huerta <\/span><\/strong><strong><span class=\"a_GcMg font-feature-liga-off font-feature-clig-off font-feature-calt-off text-decoration-none text-strikethrough-none\" style=\"color: #000000;\">con ventresca de at\u00fan, r\u00facula y cebolla osmotizada<\/span><\/strong><\/p><p class=\"cvGsUA direction-ltr align-center para-style-body\" style=\"text-align: center;\"><strong><span class=\"a_GcMg font-feature-liga-off font-feature-clig-off font-feature-calt-off text-decoration-none text-strikethrough-none\" style=\"color: #000000;\">Huevos Camperos a Baja Temperatura <\/span><\/strong><strong><span class=\"a_GcMg font-feature-liga-off font-feature-clig-off font-feature-calt-off text-decoration-none text-strikethrough-none\" style=\"color: #000000;\">con patata confitada en AOVE, jam\u00f3n ib\u00e9rico y pralin\u00e9 de pistacho<\/span><\/strong><\/p><h3 style=\"text-align: center;\"><span style=\"color: #003366;\"><strong>PRINCIPAL DISH<\/strong><\/span><\/h3><p style=\"text-align: center;\"><span style=\"color: #000000;\"><strong>\u00abTrinchado\u00bb de Ternera de los Montes de Toledo<\/strong> <\/span><\/p><p style=\"text-align: center;\"><span style=\"color: #000000;\"><em><span class=\"a_GcMg font-feature-liga-off font-feature-clig-off font-feature-calt-off text-decoration-none text-strikethrough-none\">al carb\u00f3n de coco ecol\u00f3gico con chimichurri casero y escamas de sal<\/span><\/em><\/span><\/p><p class=\"cvGsUA direction-ltr align-center para-style-body\" style=\"text-align: center;\"><strong><span class=\"a_GcMg font-feature-liga-off font-feature-clig-off font-feature-calt-off text-decoration-none text-strikethrough-none\" style=\"color: #000000;\">Salm\u00f3n Braseado<\/span><\/strong><\/p><p class=\"cvGsUA direction-ltr align-center para-style-body\" style=\"text-align: center;\"><em><span class=\"a_GcMg font-feature-liga-off font-feature-clig-off font-feature-calt-off text-decoration-none text-strikethrough-none\" style=\"color: #000000;\">with dill cream, bimis, and orange honey pearls<\/span><\/em><\/p><h3 style=\"text-align: center;\"><span style=\"color: #003366;\"><strong>POSTRE<\/strong><\/span><\/h3><p style=\"text-align: center;\"><strong><span style=\"color: #000000;\">Tarta de Queso Casera Manjares<\/span><\/strong><\/p>\t\t\t\t\t\t\t\t<\/div>\n\t\t\t\t<\/div>\n\t\t\t\t<div class=\"elementor-element elementor-element-3243c73 elementor-widget elementor-widget-text-editor\" data-id=\"3243c73\" data-element_type=\"widget\" data-e-type=\"widget\" data-widget_type=\"text-editor.default\">\n\t\t\t\t<div class=\"elementor-widget-container\">\n\t\t\t\t\t\t\t\t\t<h3 style=\"text-align: center;\"><strong><span style=\"color: #000000;\"><a style=\"color: #000000;\" title=\"BOOK\" href=\"https:\/\/restaurantemanjares.es\/en\/contact\/\" target=\"_blank\" rel=\"noopener\">Precio Men\u00fa 45\u20ac *<\/a><\/span><\/strong><\/h3><p style=\"text-align: center;\"><span style=\"color: #000000;\">Bebidas: agua y vino<\/span><\/p><p style=\"text-align: center;\"><span style=\"color: #000000;\">Pan incluido<\/span><\/p><p style=\"text-align: center;\"><span style=\"color: #000000;\">Suplementos: pan sin gluten 2,20\u20ac, c<\/span><span style=\"color: #000000;\">opa de cava 3,50\u20ac, c<\/span><span style=\"color: #000000;\">ombinado cl\u00e1sico 7\u20ac<\/span><\/p>\t\t\t\t\t\t\t\t<\/div>\n\t\t\t\t<\/div>\n\t\t\t\t\t<\/div>\n\t\t<\/div>\n\t\t\t\t\t<\/div>\n\t\t<\/section>\n\t\t\t\t<section class=\"elementor-section elementor-top-section elementor-element elementor-element-8948b89 elementor-section-boxed elementor-section-height-default elementor-section-height-default\" data-id=\"8948b89\" data-element_type=\"section\" data-e-type=\"section\" data-settings=\"{&quot;background_background&quot;:&quot;classic&quot;}\">\n\t\t\t\t\t\t<div class=\"elementor-container elementor-column-gap-default\">\n\t\t\t\t\t<div class=\"elementor-column elementor-col-100 elementor-top-column elementor-element elementor-element-6282fc2\" data-id=\"6282fc2\" data-element_type=\"column\" data-e-type=\"column\" data-settings=\"{&quot;background_background&quot;:&quot;classic&quot;}\">\n\t\t\t<div class=\"elementor-widget-wrap elementor-element-populated\">\n\t\t\t\t\t\t<div class=\"elementor-element elementor-element-61b75b1 elementor-widget elementor-widget-text-editor\" data-id=\"61b75b1\" data-element_type=\"widget\" data-e-type=\"widget\" data-widget_type=\"text-editor.default\">\n\t\t\t\t<div class=\"elementor-widget-container\">\n\t\t\t\t\t\t\t\t\t<p style=\"text-align: center;\"><span style=\"color: #000000;\"><em>\u00a0<\/em><\/span><\/p><h2 style=\"text-align: center;\"><span style=\"color: #003366;\"><strong>MEN\u00da TOLEDANO<\/strong><\/span><\/h2><h3 style=\"text-align: center;\"><span style=\"color: #003366;\"><strong>TO SHARE<\/strong><\/span><\/h3><p style=\"text-align: center;\"><strong><span style=\"color: #000000;\">Selecci\u00f3n de quesos Manchegos Artesanos<\/span><\/strong><\/p><p style=\"text-align: center;\"><strong><span style=\"color: #000000;\">Risotto de caza de los Montes de Toledo <\/span><\/strong><\/p><p style=\"text-align: center;\"><span style=\"color: #000000;\"><strong>Carcamusas Toledanas de carrillada Ib\u00e9rica 100%con jam\u00f3n y<\/strong><\/span><strong><span style=\"color: #000000;\">\u00a0guisantes en dos texturas<\/span><\/strong><\/p><h3 style=\"text-align: center;\"><span style=\"color: #003366;\"><strong>PRINCIPAL<\/strong><\/span><\/h3><p style=\"text-align: center;\"><span style=\"color: #000000;\"><strong>Perdiz a la Toledana con crema fina de patata Trufada<\/strong><\/span><\/p><h3 style=\"text-align: center;\"><span style=\"color: #003366;\"><strong>TERMINAMOS<\/strong><\/span><\/h3><p style=\"text-align: center;\"><span style=\"color: #000000;\"><strong>Tarta de Mazap\u00e1n de Toledo<\/strong> <\/span><\/p><p style=\"text-align: center;\"><span style=\"color: #000000;\"><em><span class=\"a_GcMg font-feature-liga-off font-feature-clig-off font-feature-calt-off text-decoration-none text-strikethrough-none\">with honey ice cream, pine nuts and almond brittle<\/span><\/em><\/span><\/p>\t\t\t\t\t\t\t\t<\/div>\n\t\t\t\t<\/div>\n\t\t\t\t<div class=\"elementor-element elementor-element-6d85fad elementor-widget elementor-widget-text-editor\" data-id=\"6d85fad\" data-element_type=\"widget\" data-e-type=\"widget\" data-widget_type=\"text-editor.default\">\n\t\t\t\t<div class=\"elementor-widget-container\">\n\t\t\t\t\t\t\t\t\t<h3 style=\"text-align: center;\"><strong><span style=\"color: #000000;\"><a style=\"color: #000000;\" title=\"BOOK\" href=\"https:\/\/restaurantemanjares.es\/en\/contact\/\" target=\"_blank\" rel=\"noopener\">Precio Men\u00fa 50\u20ac *<\/a><\/span><\/strong><\/h3><p style=\"text-align: center;\"><span style=\"color: #000000;\">Bebidas: agua y vino<\/span><\/p><p style=\"text-align: center;\"><span style=\"color: #000000;\">Pan incluido<\/span><\/p><p style=\"text-align: center;\"><span style=\"color: #000000;\">Suplementos: pan sin gluten 2,20\u20ac, c<\/span><span style=\"color: #000000;\">opa de cava 3,50\u20ac, c<\/span><span style=\"color: #000000;\">ombinado cl\u00e1sico 7\u20ac<\/span><\/p>\t\t\t\t\t\t\t\t<\/div>\n\t\t\t\t<\/div>\n\t\t\t\t\t<\/div>\n\t\t<\/div>\n\t\t\t\t\t<\/div>\n\t\t<\/section>\n\t\t\t\t<section class=\"elementor-section elementor-top-section elementor-element elementor-element-2a761c7 elementor-section-boxed elementor-section-height-default elementor-section-height-default\" data-id=\"2a761c7\" data-element_type=\"section\" data-e-type=\"section\" data-settings=\"{&quot;background_background&quot;:&quot;classic&quot;}\">\n\t\t\t\t\t\t<div class=\"elementor-container elementor-column-gap-default\">\n\t\t\t\t\t<div class=\"elementor-column elementor-col-100 elementor-top-column elementor-element elementor-element-87317dd\" data-id=\"87317dd\" data-element_type=\"column\" data-e-type=\"column\" data-settings=\"{&quot;background_background&quot;:&quot;classic&quot;}\">\n\t\t\t<div class=\"elementor-widget-wrap elementor-element-populated\">\n\t\t\t\t\t\t<div class=\"elementor-element elementor-element-ac8da2f elementor-widget elementor-widget-text-editor\" data-id=\"ac8da2f\" data-element_type=\"widget\" data-e-type=\"widget\" data-widget_type=\"text-editor.default\">\n\t\t\t\t<div class=\"elementor-widget-container\">\n\t\t\t\t\t\t\t\t\t<p><span style=\"color: #000000;\"><em>\u00a0<\/em><\/span><\/p><h2 style=\"text-align: center;\"><span style=\"color: #003366;\"><strong>MEN\u00da ESPECIAL<\/strong><\/span><\/h2><h3 style=\"text-align: center;\"><span style=\"color: #003366;\"><strong>APERITIVO<\/strong><\/span><\/h3><p style=\"text-align: center;\"><span style=\"color: #000000;\"><strong>Pan Cristal Especiado con alioli y tomate<\/strong><\/span><\/p><h3 style=\"text-align: center;\"><span style=\"color: #003366;\"><strong>A COMPARTIR CADA 4 PERSONAS<\/strong><\/span><\/h3><p style=\"text-align: center;\"><span style=\"color: #000000;\"><strong>Tomate de la huerta y ventresca de at\u00fan<\/strong><\/span><\/p><p style=\"text-align: center;\"><span style=\"color: #000000;\"><strong>Gamba blanca a la plancha<\/strong><\/span><\/p><p style=\"text-align: center;\"><span style=\"color: #000000;\"><strong>Croquetas Cremosas de jam\u00f3n y carabineros (4 y 4 uds)<\/strong><\/span><\/p><p style=\"text-align: center;\"><span style=\"color: #000000;\"><strong>Soria-style \"Torrezno\" (Crispy Pork Belly)<br \/><\/strong><\/span><\/p><h3 style=\"text-align: center;\"><span style=\"color: #003366;\"><strong>PRINCIPAL A ELEGIR<\/strong><\/span><\/h3><p style=\"text-align: center;\"><span style=\"color: #000000;\"><strong>\u201cTrinchado\u201d de Ternera de los Montes de Toledo<\/strong><\/span><\/p><p style=\"text-align: center;\"><span style=\"color: #000000;\"><strong>Lingote de Lomo de Venao de los Montes de Toledo<\/strong><\/span><\/p><p style=\"text-align: center;\"><span style=\"color: #000000;\"><strong>Chulet\u00f3n de Ternera A\u00f1oja (0,5 Kg aprox)<\/strong><\/span><\/p><p style=\"text-align: center;\"><span style=\"color: #000000;\"><strong>Solomillo de At\u00fan Rojo<br \/><\/strong><\/span><\/p><h3 style=\"text-align: center;\"><span style=\"color: #003366;\"><strong>POSTRE A ELEGIR<\/strong><\/span><\/h3><p style=\"text-align: center;\"><span style=\"color: #000000;\"><strong>Tarta de Queso de La Posada<\/strong><\/span><\/p><p style=\"text-align: center;\"><span style=\"color: #000000;\"><strong>Torrija Manjares<br \/><\/strong><\/span><\/p>\t\t\t\t\t\t\t\t<\/div>\n\t\t\t\t<\/div>\n\t\t\t\t<div class=\"elementor-element elementor-element-3db97a9 elementor-widget elementor-widget-text-editor\" data-id=\"3db97a9\" data-element_type=\"widget\" data-e-type=\"widget\" data-widget_type=\"text-editor.default\">\n\t\t\t\t<div class=\"elementor-widget-container\">\n\t\t\t\t\t\t\t\t\t<h3 style=\"text-align: center;\"><strong><span style=\"color: #000000;\"><a style=\"color: #000000;\" title=\"BOOK\" href=\"https:\/\/restaurantemanjares.es\/en\/contact\/\" target=\"_blank\" rel=\"noopener\">Precio Men\u00fa 70\u20ac *<\/a><\/span><\/strong><\/h3><p style=\"text-align: center;\"><span style=\"color: #000000;\">Bebidas: agua, refrescos, vino tinto, vino blanco, copa de cava<\/span><\/p><p style=\"text-align: center;\"><span style=\"color: #000000;\">Pan y caf\u00e9 o infusi\u00f3n incluidos<\/span><\/p><p style=\"text-align: center;\"><span style=\"color: #000000;\">Suplemento pan sin gluten 2,20\u20ac<\/span><\/p><p style=\"text-align: center;\"><span style=\"color: #000000;\">PREVIA RESERVA CON 5 D\u00cdAS DE ANTELACI\u00d3N<\/span><\/p>\t\t\t\t\t\t\t\t<\/div>\n\t\t\t\t<\/div>\n\t\t\t\t<div class=\"elementor-element elementor-element-21c57fb elementor-align-center elementor-widget elementor-widget-button\" data-id=\"21c57fb\" data-element_type=\"widget\" data-e-type=\"widget\" data-widget_type=\"button.default\">\n\t\t\t\t<div class=\"elementor-widget-container\">\n\t\t\t\t\t\t\t\t\t<div class=\"elementor-button-wrapper\">\n\t\t\t\t\t<a class=\"elementor-button elementor-button-link elementor-size-sm\" href=\"https:\/\/restaurantemanjares.es\/en\/contact\/\">\n\t\t\t\t\t\t<span class=\"elementor-button-content-wrapper\">\n\t\t\t\t\t\t\t\t\t<span class=\"elementor-button-text\">BOOK<\/span>\n\t\t\t\t\t<\/span>\n\t\t\t\t\t<\/a>\n\t\t\t\t<\/div>\n\t\t\t\t\t\t\t\t<\/div>\n\t\t\t\t<\/div>\n\t\t\t\t\t<\/div>\n\t\t<\/div>\n\t\t\t\t\t<\/div>\n\t\t<\/section>\n\t\t\t\t<section class=\"elementor-section elementor-top-section elementor-element elementor-element-a340143 elementor-section-boxed elementor-section-height-default elementor-section-height-default\" data-id=\"a340143\" data-element_type=\"section\" data-e-type=\"section\" data-settings=\"{&quot;background_background&quot;:&quot;classic&quot;}\">\n\t\t\t\t\t\t<div class=\"elementor-container elementor-column-gap-default\">\n\t\t\t\t\t<div class=\"elementor-column elementor-col-100 elementor-top-column elementor-element elementor-element-fae4c99\" data-id=\"fae4c99\" data-element_type=\"column\" data-e-type=\"column\" data-settings=\"{&quot;background_background&quot;:&quot;classic&quot;}\">\n\t\t\t<div class=\"elementor-widget-wrap elementor-element-populated\">\n\t\t\t\t\t\t<div class=\"elementor-element elementor-element-ae5f25c elementor-widget elementor-widget-text-editor\" data-id=\"ae5f25c\" data-element_type=\"widget\" data-e-type=\"widget\" data-widget_type=\"text-editor.default\">\n\t\t\t\t<div class=\"elementor-widget-container\">\n\t\t\t\t\t\t\t\t\t<h5 style=\"text-align: center;\"><strong><span style=\"color: #000000;\">Los men\u00fas de grupos son a mesa completa. Incluyen platos a compartir, un segundo a elegir y un postre. Las bebidas son las reflejadas en cada men\u00fa. En caso de intolerancia al gluten podemos adaptar los men\u00fas.<\/span><\/strong><\/h5><h5 style=\"text-align: center;\"><strong><span style=\"color: #000000;\">Reservas con un m\u00ednimo de 7 d\u00edas de antelaci\u00f3n mediante pago de un dep\u00f3sito del 50% del servicio. Agencias prepago del servicio hasta 7 d\u00edas antes.<\/span><\/strong><\/h5><h5 style=\"text-align: center;\"><strong><span style=\"color: #000000;\">* Precios y men\u00fas vigentes hasta el\u00a0 31-08-2026. IVA Incluido<\/span><\/strong><\/h5>\t\t\t\t\t\t\t\t<\/div>\n\t\t\t\t<\/div>\n\t\t\t\t\t<\/div>\n\t\t<\/div>\n\t\t\t\t\t<\/div>\n\t\t<\/section>\n\t\t\t\t<\/div>","protected":false},"excerpt":{"rendered":"<p>Men\u00fas de grupo Manjares Sal\u00f3n La B\u00f3veda Capacidad hasta 44 personas Sal\u00f3n La Bodega Capacidad hasta 24 personas Viajes organizados, cumplea\u00f1os, reuniones [&hellip;]<\/p>\n","protected":false},"author":1,"featured_media":1368,"parent":0,"menu_order":0,"comment_status":"closed","ping_status":"closed","template":"elementor_header_footer","meta":{"footnotes":""},"class_list":["post-5300","page","type-page","status-publish","has-post-thumbnail","hentry"],"aioseo_notices":[],"_links":{"self":[{"href":"https:\/\/restaurantemanjares.es\/en\/wp-json\/wp\/v2\/pages\/5300","targetHints":{"allow":["GET"]}}],"collection":[{"href":"https:\/\/restaurantemanjares.es\/en\/wp-json\/wp\/v2\/pages"}],"about":[{"href":"https:\/\/restaurantemanjares.es\/en\/wp-json\/wp\/v2\/types\/page"}],"author":[{"embeddable":true,"href":"https:\/\/restaurantemanjares.es\/en\/wp-json\/wp\/v2\/users\/1"}],"replies":[{"embeddable":true,"href":"https:\/\/restaurantemanjares.es\/en\/wp-json\/wp\/v2\/comments?post=5300"}],"version-history":[{"count":172,"href":"https:\/\/restaurantemanjares.es\/en\/wp-json\/wp\/v2\/pages\/5300\/revisions"}],"predecessor-version":[{"id":8308,"href":"https:\/\/restaurantemanjares.es\/en\/wp-json\/wp\/v2\/pages\/5300\/revisions\/8308"}],"wp:featuredmedia":[{"embeddable":true,"href":"https:\/\/restaurantemanjares.es\/en\/wp-json\/wp\/v2\/media\/1368"}],"wp:attachment":[{"href":"https:\/\/restaurantemanjares.es\/en\/wp-json\/wp\/v2\/media?parent=5300"}],"curies":[{"name":"wp","href":"https:\/\/api.w.org\/{rel}","templated":true}]}}