{"id":3074,"date":"2022-04-24T22:48:32","date_gmt":"2022-04-24T22:48:32","guid":{"rendered":"https:\/\/restaurantemanjares.es\/?page_id=3074"},"modified":"2026-01-04T09:27:29","modified_gmt":"2026-01-04T07:27:29","slug":"carta-menus","status":"publish","type":"page","link":"https:\/\/restaurantemanjares.es\/en\/carta-menus\/","title":{"rendered":"Carta de Men\u00fas"},"content":{"rendered":"<div data-elementor-type=\"wp-page\" data-elementor-id=\"3074\" class=\"elementor elementor-3074\" data-elementor-post-type=\"page\">\n\t\t\t\t\t\t<section class=\"elementor-section elementor-top-section elementor-element elementor-element-f99c286 elementor-section-boxed elementor-section-height-default elementor-section-height-default\" data-id=\"f99c286\" data-element_type=\"section\" data-e-type=\"section\" data-settings=\"{&quot;background_background&quot;:&quot;classic&quot;}\">\n\t\t\t\t\t\t\t<div class=\"elementor-background-overlay\"><\/div>\n\t\t\t\t\t\t\t<div class=\"elementor-container elementor-column-gap-default\">\n\t\t\t\t\t<div class=\"elementor-column elementor-col-100 elementor-top-column elementor-element elementor-element-3e4b7ec\" data-id=\"3e4b7ec\" data-element_type=\"column\" data-e-type=\"column\" data-settings=\"{&quot;background_background&quot;:&quot;classic&quot;}\">\n\t\t\t<div class=\"elementor-widget-wrap elementor-element-populated\">\n\t\t\t\t\t\t<div class=\"elementor-element elementor-element-3e4a31f elementor-widget elementor-widget-heading\" data-id=\"3e4a31f\" data-element_type=\"widget\" data-e-type=\"widget\" data-widget_type=\"heading.default\">\n\t\t\t\t<div class=\"elementor-widget-container\">\n\t\t\t\t\t<h1 class=\"elementor-heading-title elementor-size-default\">Dining Rooms and Menu<\/h1>\t\t\t\t<\/div>\n\t\t\t\t<\/div>\n\t\t\t\t\t<\/div>\n\t\t<\/div>\n\t\t\t\t\t<\/div>\n\t\t<\/section>\n\t\t<div class=\"elementor-element elementor-element-42103d5 e-con-full e-flex e-con e-parent\" data-id=\"42103d5\" data-element_type=\"container\" data-e-type=\"container\" data-settings=\"{&quot;background_background&quot;:&quot;classic&quot;}\">\n\t\t<div class=\"elementor-element elementor-element-44a3d19 e-con-full e-flex e-con e-child\" data-id=\"44a3d19\" data-element_type=\"container\" data-e-type=\"container\" data-settings=\"{&quot;background_background&quot;:&quot;classic&quot;}\">\n\t\t<div class=\"elementor-element elementor-element-9b80a61 e-con-full e-flex e-con e-child\" data-id=\"9b80a61\" data-element_type=\"container\" data-e-type=\"container\">\n\t\t<div class=\"elementor-element elementor-element-c608f37 e-grid e-con-full e-con e-child\" data-id=\"c608f37\" data-element_type=\"container\" data-e-type=\"container\">\n\t\t\t\t<div class=\"elementor-element elementor-element-1fd7ac7 elementor-cta--skin-classic elementor-animated-content elementor-bg-transform elementor-bg-transform-zoom-in elementor-widget elementor-widget-call-to-action\" data-id=\"1fd7ac7\" data-element_type=\"widget\" data-e-type=\"widget\" data-widget_type=\"call-to-action.default\">\n\t\t\t\t<div class=\"elementor-widget-container\">\n\t\t\t\t\t\t\t<div class=\"elementor-cta\">\n\t\t\t\t\t<div class=\"elementor-cta__bg-wrapper\">\n\t\t\t\t<div class=\"elementor-cta__bg elementor-bg\" style=\"background-image: url(https:\/\/restaurantemanjares.es\/wp-content\/uploads\/2023\/05\/09102022-_78A9075-Editar.jpg);\" role=\"img\" aria-label=\"Toledano Courtyard\"><\/div>\n\t\t\t\t<div class=\"elementor-cta__bg-overlay\"><\/div>\n\t\t\t<\/div>\n\t\t\t\t\t\t\t<div class=\"elementor-cta__content\">\n\t\t\t\t\n\t\t\t\t\t\t\t\t\t<h2 class=\"elementor-cta__title elementor-cta__content-item elementor-content-item\">\n\t\t\t\t\t\tToledano Courtyard\t\t\t\t\t<\/h2>\n\t\t\t\t\n\t\t\t\t\t\t\t\t\t<div class=\"elementor-cta__description elementor-cta__content-item elementor-content-item\">\n\t\t\t\t\t\tCapacity: up to 20 people\t\t\t\t\t<\/div>\n\t\t\t\t\n\t\t\t\t\t\t\t<\/div>\n\t\t\t\t\t\t<\/div>\n\t\t\t\t\t\t<\/div>\n\t\t\t\t<\/div>\n\t\t\t\t<div class=\"elementor-element elementor-element-aea6cf3 elementor-cta--skin-classic elementor-animated-content elementor-bg-transform elementor-bg-transform-zoom-in elementor-widget elementor-widget-call-to-action\" data-id=\"aea6cf3\" data-element_type=\"widget\" data-e-type=\"widget\" data-widget_type=\"call-to-action.default\">\n\t\t\t\t<div class=\"elementor-widget-container\">\n\t\t\t\t\t\t\t<div class=\"elementor-cta\">\n\t\t\t\t\t<div class=\"elementor-cta__bg-wrapper\">\n\t\t\t\t<div class=\"elementor-cta__bg elementor-bg\" style=\"background-image: url(https:\/\/restaurantemanjares.es\/wp-content\/uploads\/2025\/03\/desayun_evento.jpeg);\" role=\"img\" aria-label=\"Eventos\"><\/div>\n\t\t\t\t<div class=\"elementor-cta__bg-overlay\"><\/div>\n\t\t\t<\/div>\n\t\t\t\t\t\t\t<div class=\"elementor-cta__content\">\n\t\t\t\t\n\t\t\t\t\t\t\t\t\t<h2 class=\"elementor-cta__title elementor-cta__content-item elementor-content-item\">\n\t\t\t\t\t\tSalon Toledo\t\t\t\t\t<\/h2>\n\t\t\t\t\n\t\t\t\t\t\t\t\t\t<div class=\"elementor-cta__description elementor-cta__content-item elementor-content-item\">\n\t\t\t\t\t\tCapacity: up to 28 people\t\t\t\t\t<\/div>\n\t\t\t\t\n\t\t\t\t\t\t\t<\/div>\n\t\t\t\t\t\t<\/div>\n\t\t\t\t\t\t<\/div>\n\t\t\t\t<\/div>\n\t\t\t\t<div class=\"elementor-element elementor-element-bec025d elementor-cta--skin-classic elementor-animated-content elementor-bg-transform elementor-bg-transform-zoom-in elementor-widget elementor-widget-call-to-action\" data-id=\"bec025d\" data-element_type=\"widget\" data-e-type=\"widget\" data-widget_type=\"call-to-action.default\">\n\t\t\t\t<div class=\"elementor-widget-container\">\n\t\t\t\t\t\t\t<div class=\"elementor-cta\">\n\t\t\t\t\t<div class=\"elementor-cta__bg-wrapper\">\n\t\t\t\t<div class=\"elementor-cta__bg elementor-bg\" style=\"background-image: url(https:\/\/restaurantemanjares.es\/wp-content\/uploads\/2022\/11\/09102022-_78A8896-Editar-1024x683.jpg);\" role=\"img\" aria-label=\"Sal\u00f3n Cueva\"><\/div>\n\t\t\t\t<div class=\"elementor-cta__bg-overlay\"><\/div>\n\t\t\t<\/div>\n\t\t\t\t\t\t\t<div class=\"elementor-cta__content\">\n\t\t\t\t\n\t\t\t\t\t\t\t\t\t<h2 class=\"elementor-cta__title elementor-cta__content-item elementor-content-item\">\n\t\t\t\t\t\tSal\u00f3n La B\u00f3veda\t\t\t\t\t<\/h2>\n\t\t\t\t\n\t\t\t\t\t\t\t\t\t<div class=\"elementor-cta__description elementor-cta__content-item elementor-content-item\">\n\t\t\t\t\t\tCapacity: up to 44 people\t\t\t\t\t<\/div>\n\t\t\t\t\n\t\t\t\t\t\t\t<\/div>\n\t\t\t\t\t\t<\/div>\n\t\t\t\t\t\t<\/div>\n\t\t\t\t<\/div>\n\t\t\t\t<div class=\"elementor-element elementor-element-7dd27a7 elementor-cta--skin-classic elementor-animated-content elementor-bg-transform elementor-bg-transform-zoom-in elementor-widget elementor-widget-call-to-action\" data-id=\"7dd27a7\" data-element_type=\"widget\" data-e-type=\"widget\" data-widget_type=\"call-to-action.default\">\n\t\t\t\t<div class=\"elementor-widget-container\">\n\t\t\t\t\t\t\t<div class=\"elementor-cta\">\n\t\t\t\t\t<div class=\"elementor-cta__bg-wrapper\">\n\t\t\t\t<div class=\"elementor-cta__bg elementor-bg\" style=\"background-image: url(https:\/\/restaurantemanjares.es\/wp-content\/uploads\/2025\/03\/bodega_2025-1024x768.jpeg);\" role=\"img\" aria-label=\"Sal\u00f3n La Bodega\"><\/div>\n\t\t\t\t<div class=\"elementor-cta__bg-overlay\"><\/div>\n\t\t\t<\/div>\n\t\t\t\t\t\t\t<div class=\"elementor-cta__content\">\n\t\t\t\t\n\t\t\t\t\t\t\t\t\t<h2 class=\"elementor-cta__title elementor-cta__content-item elementor-content-item\">\n\t\t\t\t\t\tSal\u00f3n La Bodega\t\t\t\t\t<\/h2>\n\t\t\t\t\n\t\t\t\t\t\t\t\t\t<div class=\"elementor-cta__description elementor-cta__content-item elementor-content-item\">\n\t\t\t\t\t\tCapacity: up to 24 people\t\t\t\t\t<\/div>\n\t\t\t\t\n\t\t\t\t\t\t\t<\/div>\n\t\t\t\t\t\t<\/div>\n\t\t\t\t\t\t<\/div>\n\t\t\t\t<\/div>\n\t\t\t\t<\/div>\n\t\t\t\t<\/div>\n\t\t\t\t<\/div>\n\t\t\t\t<\/div>\n\t\t\t\t<section class=\"elementor-section elementor-top-section elementor-element elementor-element-3d99419 elementor-section-boxed elementor-section-height-default elementor-section-height-default\" data-id=\"3d99419\" data-element_type=\"section\" data-e-type=\"section\" data-settings=\"{&quot;background_background&quot;:&quot;classic&quot;}\">\n\t\t\t\t\t\t<div class=\"elementor-container elementor-column-gap-default\">\n\t\t\t\t\t<div class=\"elementor-column elementor-col-100 elementor-top-column elementor-element elementor-element-c54ad63\" data-id=\"c54ad63\" data-element_type=\"column\" data-e-type=\"column\" data-settings=\"{&quot;background_background&quot;:&quot;classic&quot;}\">\n\t\t\t<div class=\"elementor-widget-wrap elementor-element-populated\">\n\t\t\t\t\t\t<div class=\"elementor-element elementor-element-4098637 elementor-widget elementor-widget-text-editor\" data-id=\"4098637\" data-element_type=\"widget\" data-e-type=\"widget\" data-widget_type=\"text-editor.default\">\n\t\t\t\t<div class=\"elementor-widget-container\">\n\t\t\t\t\t\t\t\t\t<p><span style=\"color: #000000;\"><em>\u00a0<\/em><\/span><\/p><h2 style=\"text-align: center;\"><span style=\"color: #003366;\"><strong>MEN\u00da MANJARES<\/strong><\/span><\/h2><h3 style=\"text-align: center;\"><span style=\"color: #003366;\"><strong>TO SHARE<\/strong><\/span><\/h3><p style=\"text-align: center;\"><span style=\"color: #000000;\"><strong>Manjares Smoked Salad<\/strong><\/span><\/p><p style=\"text-align: center;\"><span style=\"color: #000000;\"><strong>Soria-style \"Torrezno\" (Crispy Pork Belly)\u00a0 <\/strong><\/span><strong><span style=\"color: #000000;\">served with parmentier, aioli and salsa verde<\/span><\/strong><\/p><h3 style=\"text-align: center;\"><span style=\"color: #003366;\"><strong>PRINCIPAL DISH<\/strong><\/span><\/h3><p style=\"text-align: center;\" class=\"translation-block\"><span style=\"color: #000000\"><strong>Young veal with potato wedges and Padr\u00f3n peppers<\/strong><\/span><\/p><p style=\"text-align: center;\"><span style=\"color: #000000;\"><strong>Cod fillet with La Mancha ratatouille<\/strong><\/span><\/p><p style=\"text-align: center;\"><span style=\"color: #000000;\"><strong>Carrilladas estofadas al Jerez<\/strong><\/span><\/p><p style=\"text-align: center;\"><strong><span style=\"color: #000000;\">Lomo de Ib\u00e9rico a la brasa con timbal de patatas y trigueros<\/span><\/strong><\/p><h3 style=\"text-align: center;\"><span style=\"color: #003366;\"><strong>TERMINAMOS<\/strong><\/span><\/h3><p style=\"text-align: center;\"><span style=\"color: #000000;\"><strong>Coulant de chocolate<\/strong><\/span><\/p>\t\t\t\t\t\t\t\t<\/div>\n\t\t\t\t<\/div>\n\t\t\t\t<div class=\"elementor-element elementor-element-6dd4fbd elementor-widget elementor-widget-text-editor\" data-id=\"6dd4fbd\" data-element_type=\"widget\" data-e-type=\"widget\" data-widget_type=\"text-editor.default\">\n\t\t\t\t<div class=\"elementor-widget-container\">\n\t\t\t\t\t\t\t\t\t<h3 style=\"text-align: center;\"><strong><span style=\"color: #000000;\"><a style=\"color: #000000;\" title=\"BOOK\" href=\"https:\/\/restaurantemanjares.es\/en\/contact\/\" target=\"_blank\" rel=\"noopener\">Precio Men\u00fa 30\u20ac *<\/a><\/span><\/strong><\/h3><p style=\"text-align: center;\"><span style=\"color: #000000;\">Bebidas: agua y vino<\/span><\/p><p style=\"text-align: center;\"><span style=\"color: #000000;\">Pan incluido<\/span><\/p><p style=\"text-align: center;\"><span style=\"color: #000000;\">Suplemento pan sin gluten 2,20\u20ac<\/span><\/p>\t\t\t\t\t\t\t\t<\/div>\n\t\t\t\t<\/div>\n\t\t\t\t\t<\/div>\n\t\t<\/div>\n\t\t\t\t\t<\/div>\n\t\t<\/section>\n\t\t\t\t<section class=\"elementor-section elementor-top-section elementor-element elementor-element-abd172a elementor-section-boxed elementor-section-height-default elementor-section-height-default\" data-id=\"abd172a\" data-element_type=\"section\" data-e-type=\"section\" data-settings=\"{&quot;background_background&quot;:&quot;classic&quot;}\">\n\t\t\t\t\t\t<div class=\"elementor-container elementor-column-gap-default\">\n\t\t\t\t\t<div class=\"elementor-column elementor-col-100 elementor-top-column elementor-element elementor-element-6497c82\" data-id=\"6497c82\" data-element_type=\"column\" data-e-type=\"column\" data-settings=\"{&quot;background_background&quot;:&quot;classic&quot;}\">\n\t\t\t<div class=\"elementor-widget-wrap elementor-element-populated\">\n\t\t\t\t\t\t<div class=\"elementor-element elementor-element-ba55f8e elementor-widget elementor-widget-text-editor\" data-id=\"ba55f8e\" data-element_type=\"widget\" data-e-type=\"widget\" data-widget_type=\"text-editor.default\">\n\t\t\t\t<div class=\"elementor-widget-container\">\n\t\t\t\t\t\t\t\t\t<h2 style=\"text-align: center;\"><span style=\"color: #003366;\"><strong>MEN\u00da LA POSADA<\/strong><\/span><\/h2><h3 style=\"text-align: center;\"><span style=\"color: #003366;\"><strong>ENTRANTE<\/strong><\/span><\/h3><p style=\"text-align: center;\"><span style=\"color: #000000;\"><strong>Cecina de Le\u00f3n<\/strong><\/span><\/p><h3 style=\"text-align: center;\"><span style=\"color: #003366;\"><strong>TO SHARE<\/strong><\/span><\/h3><p style=\"text-align: center;\"><span style=\"color: #000000;\"><strong><span class=\"a_GcMg font-feature-liga-off font-feature-clig-off font-feature-calt-off text-decoration-none text-strikethrough-none\">Tomate de la Huerta\u00a0<\/span><span class=\"a_GcMg font-feature-liga-off font-feature-clig-off font-feature-calt-off text-decoration-none text-strikethrough-none\">con ventresca de at\u00fan, r\u00facula y cebolla osmotizada<\/span><\/strong><\/span><\/p><p style=\"text-align: center;\"><span style=\"color: #000000;\"><strong><span class=\"a_GcMg font-feature-liga-off font-feature-clig-off font-feature-calt-off text-decoration-none text-strikethrough-none\">Huevos Camperos a Baja Temperatura\u00a0<\/span><\/strong><strong><span class=\"a_GcMg font-feature-liga-off font-feature-clig-off font-feature-calt-off text-decoration-none text-strikethrough-none\">con patata confitada en AOVE, jam\u00f3n ib\u00e9rico y pralin\u00e9 de pistacho<\/span><\/strong><\/span><\/p><h3 style=\"text-align: center;\"><span style=\"color: #003366;\"><strong>PRINCIPAL DISH<\/strong><\/span><\/h3><p style=\"text-align: center;\"><span style=\"color: #000000;\"><strong>\u00abTrinchado\u00bb de Ternera de los Montes de Toledo<\/strong><\/span><\/p><p style=\"text-align: center;\"><span style=\"color: #000000;\"><em><span class=\"a_GcMg font-feature-liga-off font-feature-clig-off font-feature-calt-off text-decoration-none text-strikethrough-none\">al carb\u00f3n de coco ecol\u00f3gico con chimichurri casero y escamas de sal<\/span><\/em><\/span><\/p><p class=\"cvGsUA direction-ltr align-center para-style-body\" style=\"text-align: center;\"><span style=\"color: #000000;\"><strong><span class=\"a_GcMg font-feature-liga-off font-feature-clig-off font-feature-calt-off text-decoration-none text-strikethrough-none\">Salm\u00f3n Braseado<\/span><\/strong><\/span><\/p><p class=\"cvGsUA direction-ltr align-center para-style-body\" style=\"text-align: center;\"><span style=\"color: #000000;\"><em><span class=\"a_GcMg font-feature-liga-off font-feature-clig-off font-feature-calt-off text-decoration-none text-strikethrough-none\">with dill cream, bimis, and orange honey pearls<\/span><\/em><\/span><\/p><p class=\"cvGsUA direction-ltr align-center para-style-body\" style=\"text-align: center;\"><strong><span class=\"a_GcMg font-feature-liga-off font-feature-clig-off font-feature-calt-off text-decoration-none text-strikethrough-none\" style=\"color: #000000;\">Filetitos de Venao de Los Montes de Toledo<\/span><\/strong><\/p><p class=\"cvGsUA direction-ltr align-center para-style-body\" style=\"text-align: center;\"><em><span class=\"a_GcMg font-feature-liga-off font-feature-clig-off font-feature-calt-off text-decoration-none text-strikethrough-none\" style=\"color: #000000;\">con gajos de patata r\u00fastica especiada y pimientos del Padr\u00f3n<\/span><\/em><\/p><p class=\"cvGsUA direction-ltr align-center para-style-body\" style=\"text-align: center;\"><strong><span class=\"a_GcMg font-feature-liga-off font-feature-clig-off font-feature-calt-off text-decoration-none text-strikethrough-none\" style=\"color: #000000;\">Solomillo de At\u00fan Rojo<\/span><\/strong><\/p><p class=\"cvGsUA direction-ltr align-center para-style-body\" style=\"text-align: center;\"><em><span class=\"a_GcMg font-feature-liga-off font-feature-clig-off font-feature-calt-off text-decoration-none text-strikethrough-none\" style=\"color: #000000;\">with Manchego cheese, wild asparagus and a garlic-parsley sauce<\/span><\/em><\/p><h3 style=\"text-align: center;\"><span style=\"color: #003366;\"><strong>POSTRE<\/strong><\/span><\/h3><p style=\"text-align: center;\"><strong><span style=\"color: #000000;\">Tarta de Queso Casera Manjares<\/span><\/strong><\/p>\t\t\t\t\t\t\t\t<\/div>\n\t\t\t\t<\/div>\n\t\t\t\t<div class=\"elementor-element elementor-element-7b0df34 elementor-widget elementor-widget-text-editor\" data-id=\"7b0df34\" data-element_type=\"widget\" data-e-type=\"widget\" data-widget_type=\"text-editor.default\">\n\t\t\t\t<div class=\"elementor-widget-container\">\n\t\t\t\t\t\t\t\t\t<h3 style=\"text-align: center;\"><strong><span style=\"color: #000000;\"><a style=\"color: #000000;\" title=\"BOOK\" href=\"https:\/\/restaurantemanjares.es\/en\/contact\/\" target=\"_blank\" rel=\"noopener\">Precio Men\u00fa 45\u20ac *<\/a><\/span><\/strong><\/h3><p style=\"text-align: center;\"><span style=\"color: #000000;\">Bebidas: agua y vino<\/span><\/p><p style=\"text-align: center;\"><span style=\"color: #000000;\">Pan incluido<\/span><\/p><p style=\"text-align: center;\"><span style=\"color: #000000;\">Suplemento pan sin gluten 2,20\u20ac<\/span><\/p>\t\t\t\t\t\t\t\t<\/div>\n\t\t\t\t<\/div>\n\t\t\t\t\t<\/div>\n\t\t<\/div>\n\t\t\t\t\t<\/div>\n\t\t<\/section>\n\t\t\t\t<section class=\"elementor-section elementor-top-section elementor-element elementor-element-86d8ff6 elementor-section-boxed elementor-section-height-default elementor-section-height-default\" data-id=\"86d8ff6\" data-element_type=\"section\" data-e-type=\"section\" data-settings=\"{&quot;background_background&quot;:&quot;classic&quot;}\">\n\t\t\t\t\t\t<div class=\"elementor-container elementor-column-gap-default\">\n\t\t\t\t\t<div class=\"elementor-column elementor-col-100 elementor-top-column elementor-element elementor-element-09b636e\" data-id=\"09b636e\" data-element_type=\"column\" data-e-type=\"column\" data-settings=\"{&quot;background_background&quot;:&quot;classic&quot;}\">\n\t\t\t<div class=\"elementor-widget-wrap elementor-element-populated\">\n\t\t\t\t\t\t<div class=\"elementor-element elementor-element-f50ab0f elementor-widget elementor-widget-text-editor\" data-id=\"f50ab0f\" data-element_type=\"widget\" data-e-type=\"widget\" data-widget_type=\"text-editor.default\">\n\t\t\t\t<div class=\"elementor-widget-container\">\n\t\t\t\t\t\t\t\t\t<p style=\"text-align: center;\"><span style=\"color: #000000;\"><em>\u00a0<\/em><\/span><\/p><h3 style=\"text-align: center;\">\u00a0<\/h3><h2 style=\"text-align: center;\"><span style=\"color: #003366;\"><strong>MEN\u00da TOLEDANO<\/strong><\/span><\/h2><h3 style=\"text-align: center;\"><span style=\"color: #003366;\"><strong>TO SHARE<\/strong><\/span><\/h3><p style=\"text-align: center;\"><span style=\"color: #000000;\"><strong>Selecci\u00f3n de quesos Manchegos Artesanos<\/strong><\/span><\/p><p style=\"text-align: center;\"><span style=\"color: #000000;\"><strong>Risotto de caza de los Montes de Toledo<\/strong><\/span><\/p><p style=\"text-align: center;\"><span style=\"color: #000000;\"><strong>Carcamusas Toledanas de carrillada Ib\u00e9rica 100%con jam\u00f3n y<\/strong><strong>\u00a0guisantes en dos texturas<\/strong><\/span><\/p><h3 style=\"text-align: center;\"><span style=\"color: #003366;\"><strong>PRINCIPAL<\/strong><\/span><\/h3><p style=\"text-align: center;\"><span style=\"color: #000000;\"><strong>Perdiz a la Toledana con crema de patata Trufada<\/strong><\/span><\/p><h3 style=\"text-align: center;\"><span style=\"color: #003366;\"><strong>TERMINAMOS<\/strong><\/span><\/h3><p style=\"text-align: center;\"><span style=\"color: #000000;\"><strong>Tarta de Mazap\u00e1n de Toledo<\/strong> <\/span><\/p><p style=\"text-align: center;\"><span style=\"color: #000000;\"><em><span class=\"a_GcMg font-feature-liga-off font-feature-clig-off font-feature-calt-off text-decoration-none text-strikethrough-none\">with honey ice cream, pine nuts and almond brittle<\/span><\/em><\/span><\/p>\t\t\t\t\t\t\t\t<\/div>\n\t\t\t\t<\/div>\n\t\t\t\t<div class=\"elementor-element elementor-element-f082901 elementor-widget elementor-widget-text-editor\" data-id=\"f082901\" data-element_type=\"widget\" data-e-type=\"widget\" data-widget_type=\"text-editor.default\">\n\t\t\t\t<div class=\"elementor-widget-container\">\n\t\t\t\t\t\t\t\t\t<h3 style=\"text-align: center;\"><strong><span style=\"color: #000000;\"><a style=\"color: #000000;\" title=\"BOOK\" href=\"https:\/\/restaurantemanjares.es\/en\/contact\/\" target=\"_blank\" rel=\"noopener\">Precio Men\u00fa 50\u20ac *<\/a><\/span><\/strong><\/h3><p style=\"text-align: center;\"><span style=\"color: #000000;\">Bebidas: agua y vino<\/span><\/p><p style=\"text-align: center;\"><span style=\"color: #000000;\">Pan incluido<\/span><\/p><p style=\"text-align: center;\"><span style=\"color: #000000;\">M\u00ednimo para 2 personas. Suplemento pan sin gluten 2,20\u20ac<\/span><\/p>\t\t\t\t\t\t\t\t<\/div>\n\t\t\t\t<\/div>\n\t\t\t\t\t<\/div>\n\t\t<\/div>\n\t\t\t\t\t<\/div>\n\t\t<\/section>\n\t\t\t\t<section class=\"elementor-section elementor-top-section elementor-element elementor-element-3dd5f96 elementor-section-boxed elementor-section-height-default elementor-section-height-default\" data-id=\"3dd5f96\" data-element_type=\"section\" data-e-type=\"section\" data-settings=\"{&quot;background_background&quot;:&quot;classic&quot;}\">\n\t\t\t\t\t\t<div class=\"elementor-container elementor-column-gap-default\">\n\t\t\t\t\t<div class=\"elementor-column elementor-col-100 elementor-top-column elementor-element elementor-element-aecd7d6\" data-id=\"aecd7d6\" data-element_type=\"column\" data-e-type=\"column\" data-settings=\"{&quot;background_background&quot;:&quot;classic&quot;}\">\n\t\t\t<div class=\"elementor-widget-wrap elementor-element-populated\">\n\t\t\t\t\t\t<div class=\"elementor-element elementor-element-7f257d8 elementor-widget elementor-widget-text-editor\" data-id=\"7f257d8\" data-element_type=\"widget\" data-e-type=\"widget\" data-widget_type=\"text-editor.default\">\n\t\t\t\t<div class=\"elementor-widget-container\">\n\t\t\t\t\t\t\t\t\t<h2 style=\"text-align: center;\"><strong><span style=\"color: #003366;\">MEN\u00da VEGETARIANO MANJARES<\/span><\/strong><\/h2><h3 style=\"text-align: center;\"><span style=\"color: #003366;\"><strong>ENTRANTES<\/strong><\/span><\/h3><p class=\"cvGsUA direction-ltr align-center para-style-body\" style=\"text-align: center;\"><strong><span class=\"a_GcMg font-feature-liga-off font-feature-clig-off font-feature-calt-off text-decoration-none text-strikethrough-none\" style=\"color: #000000;\">Calabac\u00edn a la Parrilla con Salsa de Miel y Mostaza<\/span><\/strong><\/p><p class=\"cvGsUA direction-ltr align-center para-style-body\" style=\"text-align: center;\"><strong><span class=\"a_GcMg font-feature-liga-off font-feature-clig-off font-feature-calt-off text-decoration-none text-strikethrough-none\" style=\"color: #000000;\">Ensalada de Can\u00f3nigos y Frutos Secos Variados<\/span><\/strong><\/p><p class=\"cvGsUA direction-ltr align-center para-style-body\" style=\"text-align: center;\"><strong><span class=\"a_GcMg font-feature-liga-off font-feature-clig-off font-feature-calt-off text-decoration-none text-strikethrough-none\" style=\"color: #000000;\">Flor de Alcachofa de Tudela con Pi\u00f1ones Salteados<\/span><\/strong><\/p><h3 style=\"text-align: center;\"><strong><span style=\"color: #003366;\">PRINCIPAL<\/span><\/strong><\/h3><p style=\"text-align: center;\"><strong><span style=\"color: #000000;\">Risotto Cremoso de verduras<\/span><\/strong><\/p><h3 style=\"text-align: center;\"><strong><span style=\"color: #003366;\">TERMINAMOS<\/span><\/strong><\/h3><p style=\"text-align: center;\"><strong><span style=\"color: #000000;\">Fruta de temporada<\/span><\/strong><\/p>\t\t\t\t\t\t\t\t<\/div>\n\t\t\t\t<\/div>\n\t\t\t\t<div class=\"elementor-element elementor-element-55511d0 elementor-widget elementor-widget-text-editor\" data-id=\"55511d0\" data-element_type=\"widget\" data-e-type=\"widget\" data-widget_type=\"text-editor.default\">\n\t\t\t\t<div class=\"elementor-widget-container\">\n\t\t\t\t\t\t\t\t\t<h3 style=\"text-align: center;\"><strong><span style=\"color: #000000;\"><a style=\"color: #000000;\" title=\"BOOK\" href=\"https:\/\/restaurantemanjares.es\/en\/contact\/\" target=\"_blank\" rel=\"noopener\">Precio men\u00fa 30\u20ac *<\/a><\/span><\/strong><\/h3><p style=\"text-align: center;\"><span style=\"color: #000000;\">Bebidas: agua y vino<\/span><\/p><p style=\"text-align: center;\"><span style=\"color: #000000;\">Suplemento pan sin gluten 2,20\u20ac<\/span><\/p>\t\t\t\t\t\t\t\t<\/div>\n\t\t\t\t<\/div>\n\t\t\t\t\t<\/div>\n\t\t<\/div>\n\t\t\t\t\t<\/div>\n\t\t<\/section>\n\t\t\t\t<section class=\"elementor-section elementor-top-section elementor-element elementor-element-6970c14 elementor-section-boxed elementor-section-height-default elementor-section-height-default\" data-id=\"6970c14\" data-element_type=\"section\" data-e-type=\"section\" data-settings=\"{&quot;background_background&quot;:&quot;classic&quot;}\">\n\t\t\t\t\t\t<div class=\"elementor-container elementor-column-gap-default\">\n\t\t\t\t\t<div class=\"elementor-column elementor-col-100 elementor-top-column elementor-element elementor-element-c3ad0f0\" data-id=\"c3ad0f0\" data-element_type=\"column\" data-e-type=\"column\">\n\t\t\t<div class=\"elementor-widget-wrap elementor-element-populated\">\n\t\t\t\t\t\t<div class=\"elementor-element elementor-element-8418b90 elementor-widget elementor-widget-text-editor\" data-id=\"8418b90\" data-element_type=\"widget\" data-e-type=\"widget\" data-widget_type=\"text-editor.default\">\n\t\t\t\t<div class=\"elementor-widget-container\">\n\t\t\t\t\t\t\t\t\t<h5 style=\"text-align: center;\"><strong><span style=\"color: #000000;\">Los men\u00fas de grupos, salvo el vegetariano, son a mesa completa\u00a0 Incluyen platos a compartir, un segundo a elegir y un postre. Las bebidas en todos los men\u00fas son 50cl de agua y copa de vino por persona. En caso de intolerancia al gluten podemos adaptar los men\u00fas.<\/span><\/strong><\/h5><h5 style=\"text-align: center;\"><strong style=\"letter-spacing: 0px;\"><span style=\"color: #000000;\">* Precios y men\u00fas vigentes hasta el\u00a0 31-08-2026. IVA Incluido<\/span><\/strong><\/h5>\t\t\t\t\t\t\t\t<\/div>\n\t\t\t\t<\/div>\n\t\t\t\t\t<\/div>\n\t\t<\/div>\n\t\t\t\t\t<\/div>\n\t\t<\/section>\n\t\t\t\t<\/div>","protected":false},"excerpt":{"rendered":"<p>Salones y Carta de Men\u00fas Manjares Patio Toledano Capacidad hasta 20 personas Salon Toledo Capacidad hasta 28 personas Sal\u00f3n La B\u00f3veda Capacidad [&hellip;]<\/p>\n","protected":false},"author":2,"featured_media":0,"parent":0,"menu_order":0,"comment_status":"closed","ping_status":"closed","template":"elementor_header_footer","meta":{"footnotes":""},"class_list":["post-3074","page","type-page","status-publish","hentry"],"aioseo_notices":[],"_links":{"self":[{"href":"https:\/\/restaurantemanjares.es\/en\/wp-json\/wp\/v2\/pages\/3074","targetHints":{"allow":["GET"]}}],"collection":[{"href":"https:\/\/restaurantemanjares.es\/en\/wp-json\/wp\/v2\/pages"}],"about":[{"href":"https:\/\/restaurantemanjares.es\/en\/wp-json\/wp\/v2\/types\/page"}],"author":[{"embeddable":true,"href":"https:\/\/restaurantemanjares.es\/en\/wp-json\/wp\/v2\/users\/2"}],"replies":[{"embeddable":true,"href":"https:\/\/restaurantemanjares.es\/en\/wp-json\/wp\/v2\/comments?post=3074"}],"version-history":[{"count":202,"href":"https:\/\/restaurantemanjares.es\/en\/wp-json\/wp\/v2\/pages\/3074\/revisions"}],"predecessor-version":[{"id":7863,"href":"https:\/\/restaurantemanjares.es\/en\/wp-json\/wp\/v2\/pages\/3074\/revisions\/7863"}],"wp:attachment":[{"href":"https:\/\/restaurantemanjares.es\/en\/wp-json\/wp\/v2\/media?parent=3074"}],"curies":[{"name":"wp","href":"https:\/\/api.w.org\/{rel}","templated":true}]}}