{"id":1937,"date":"2021-12-21T18:21:18","date_gmt":"2021-12-21T18:21:18","guid":{"rendered":"https:\/\/restaurantemanjares.es\/?page_id=1937"},"modified":"2026-02-18T11:50:42","modified_gmt":"2026-02-18T09:50:42","slug":"menu-del-dia","status":"publish","type":"page","link":"https:\/\/restaurantemanjares.es\/en\/menu-del-dia\/","title":{"rendered":"Menu of the Day"},"content":{"rendered":"<div data-elementor-type=\"wp-page\" data-elementor-id=\"1937\" class=\"elementor elementor-1937\" data-elementor-post-type=\"page\">\n\t\t\t\t<div class=\"elementor-element elementor-element-9df3a0f e-con-full e-flex e-con e-parent\" data-id=\"9df3a0f\" data-element_type=\"container\" data-e-type=\"container\">\n\t\t<div class=\"elementor-element elementor-element-d04cb3a e-con-full e-flex e-con e-child\" data-id=\"d04cb3a\" data-element_type=\"container\" data-e-type=\"container\" data-settings=\"{&quot;background_background&quot;:&quot;classic&quot;}\">\n\t\t\t\t<div class=\"elementor-element elementor-element-cd99cb0 elementor-widget elementor-widget-heading\" data-id=\"cd99cb0\" data-element_type=\"widget\" data-e-type=\"widget\" data-widget_type=\"heading.default\">\n\t\t\t\t<div class=\"elementor-widget-container\">\n\t\t\t\t\t<h1 class=\"elementor-heading-title elementor-size-default\">Menu of the Day<\/h1>\t\t\t\t<\/div>\n\t\t\t\t<\/div>\n\t\t\t\t<div class=\"elementor-element elementor-element-ea3568c elementor-widget-divider--view-line elementor-widget elementor-widget-divider\" data-id=\"ea3568c\" data-element_type=\"widget\" data-e-type=\"widget\" data-widget_type=\"divider.default\">\n\t\t\t\t<div class=\"elementor-widget-container\">\n\t\t\t\t\t\t\t<div class=\"elementor-divider\">\n\t\t\t<span class=\"elementor-divider-separator\">\n\t\t\t\t\t\t<\/span>\n\t\t<\/div>\n\t\t\t\t\t\t<\/div>\n\t\t\t\t<\/div>\n\t\t\t\t<\/div>\n\t\t\t\t<\/div>\n\t\t<div class=\"elementor-element elementor-element-71ac94f e-con-full e-flex e-con e-parent\" data-id=\"71ac94f\" data-element_type=\"container\" data-e-type=\"container\" data-settings=\"{&quot;background_background&quot;:&quot;classic&quot;}\">\n\t\t<div class=\"elementor-element elementor-element-30f81cd e-con-full e-flex e-con e-child\" data-id=\"30f81cd\" data-element_type=\"container\" data-e-type=\"container\" data-settings=\"{&quot;background_background&quot;:&quot;classic&quot;}\">\n\t\t\t\t<div class=\"elementor-element elementor-element-7691086 elementor-widget elementor-widget-text-editor\" data-id=\"7691086\" data-element_type=\"widget\" data-e-type=\"widget\" data-widget_type=\"text-editor.default\">\n\t\t\t\t<div class=\"elementor-widget-container\">\n\t\t\t\t\t\t\t\t\t<h2 style=\"text-align: center;\"><span style=\"color: #000000;\"><strong>PRIMEROS<\/strong><\/span><\/h2><p style=\"text-align: center;\"><span style=\"color: #000000;\">Ensalada mixta<\/span><span style=\"color: #000000;\"><br \/><\/span><\/p><p style=\"text-align: center;\"><span style=\"color: #000000;\">Pasta cremosa con ternera y setas<br \/><\/span><\/p><p style=\"text-align: center;\"><span style=\"color: #000000;\">Huevos rotos con lacon ahumado<br \/><\/span><\/p><p style=\"text-align: center;\"><span style=\"color: #000000;\">Champi\u00f1ones salteados con jam\u00f3n crujiente<\/span><\/p>\t\t\t\t\t\t\t\t<\/div>\n\t\t\t\t<\/div>\n\t\t\t\t<div class=\"elementor-element elementor-element-927893a elementor-widget elementor-widget-text-editor\" data-id=\"927893a\" data-element_type=\"widget\" data-e-type=\"widget\" data-widget_type=\"text-editor.default\">\n\t\t\t\t<div class=\"elementor-widget-container\">\n\t\t\t\t\t\t\t\t\t<h2 style=\"text-align: center;\"><span style=\"color: #000000;\"><strong>SEGUNDOS\u00a0<\/strong><\/span><\/h2><p style=\"text-align: center;\"><span style=\"color: #000000;\">Pollo al carb\u00f3n ecol\u00f3gico de coco<br \/><\/span><\/p><p style=\"text-align: center;\"><span style=\"color: #000000;\">Filete de ternera a la brasa<\/span><\/p><p style=\"text-align: center;\"><span style=\"color: #000000;\">Filetitos de ib\u00e9rico con frutos del bosque<\/span><\/p><p style=\"text-align: center;\"><span style=\"color: #000000;\">Lasa\u00f1a de at\u00fan rojo<\/span><\/p>\t\t\t\t\t\t\t\t<\/div>\n\t\t\t\t<\/div>\n\t\t\t\t<div class=\"elementor-element elementor-element-0ed1ee3 elementor-widget elementor-widget-text-editor\" data-id=\"0ed1ee3\" data-element_type=\"widget\" data-e-type=\"widget\" data-widget_type=\"text-editor.default\">\n\t\t\t\t<div class=\"elementor-widget-container\">\n\t\t\t\t\t\t\t\t\t<h2 style=\"text-align: center;\"><strong><span style=\"color: #000000;\">TERMINAMOS<\/span><\/strong><\/h2><p style=\"text-align: center;\"><span style=\"color: #000000;\">Postre de la Posada<\/span><\/p>\t\t\t\t\t\t\t\t<\/div>\n\t\t\t\t<\/div>\n\t\t\t\t<div class=\"elementor-element elementor-element-d45198b elementor-align-center elementor-widget elementor-widget-button\" data-id=\"d45198b\" data-element_type=\"widget\" data-e-type=\"widget\" data-widget_type=\"button.default\">\n\t\t\t\t<div class=\"elementor-widget-container\">\n\t\t\t\t\t\t\t\t\t<div class=\"elementor-button-wrapper\">\n\t\t\t\t\t<a class=\"elementor-button elementor-button-link elementor-size-sm\" href=\"https:\/\/restaurantemanjares.es\/en\/contact\/\">\n\t\t\t\t\t\t<span class=\"elementor-button-content-wrapper\">\n\t\t\t\t\t\t\t\t\t<span class=\"elementor-button-text\">BOOK<\/span>\n\t\t\t\t\t<\/span>\n\t\t\t\t\t<\/a>\n\t\t\t\t<\/div>\n\t\t\t\t\t\t\t\t<\/div>\n\t\t\t\t<\/div>\n\t\t\t\t<div class=\"elementor-element elementor-element-307893d elementor-widget elementor-widget-text-editor\" data-id=\"307893d\" data-element_type=\"widget\" data-e-type=\"widget\" data-widget_type=\"text-editor.default\">\n\t\t\t\t<div class=\"elementor-widget-container\">\n\t\t\t\t\t\t\t\t\t<h1>\u00a0<\/h1><h2 style=\"text-align: center;\"><strong><span style=\"color: #000000;\"><span style=\"font-size: px;\">19,90\u20ac<\/span><\/span><\/strong><\/h2><p style=\"text-align: center;\"><span style=\"color: #000000;\">Suplemento pan sin gluten 2,20\u20ac<\/span><\/p><p style=\"text-align: center;\"><span style=\"color: #000000;\">Iva Incluido. Precio v\u00e1lido hasta el\u00a0 31-08-2026.<\/span><\/p><p style=\"text-align: center;\"><span style=\"color: #000000;\"><strong>Precio por persona. Incluye un primero, un segundo, postre o caf\u00e9, pan, agua o vino<\/strong><\/span><\/p><p style=\"text-align: center;\"><span style=\"color: #000000;\"><strong>Men\u00fa diario disponible de lunes a viernes (salvo festivos y puentes) desde las 13:00 hasta las 16:00 horas<\/strong><\/span><\/p><h3 style=\"text-align: center;\">\u00a0<\/h3>\t\t\t\t\t\t\t\t<\/div>\n\t\t\t\t<\/div>\n\t\t\t\t<\/div>\n\t\t\t\t<\/div>\n\t\t\t\t<\/div>","protected":false},"excerpt":{"rendered":"<p>Men\u00fa del D\u00eda PRIMEROS Ensalada mixta Pasta cremosa con ternera y setas Huevos rotos con lacon ahumado Champi\u00f1ones salteados con jam\u00f3n crujiente [&hellip;]<\/p>\n","protected":false},"author":2,"featured_media":1368,"parent":0,"menu_order":0,"comment_status":"closed","ping_status":"closed","template":"elementor_header_footer","meta":{"footnotes":""},"class_list":["post-1937","page","type-page","status-publish","has-post-thumbnail","hentry"],"aioseo_notices":[],"_links":{"self":[{"href":"https:\/\/restaurantemanjares.es\/en\/wp-json\/wp\/v2\/pages\/1937","targetHints":{"allow":["GET"]}}],"collection":[{"href":"https:\/\/restaurantemanjares.es\/en\/wp-json\/wp\/v2\/pages"}],"about":[{"href":"https:\/\/restaurantemanjares.es\/en\/wp-json\/wp\/v2\/types\/page"}],"author":[{"embeddable":true,"href":"https:\/\/restaurantemanjares.es\/en\/wp-json\/wp\/v2\/users\/2"}],"replies":[{"embeddable":true,"href":"https:\/\/restaurantemanjares.es\/en\/wp-json\/wp\/v2\/comments?post=1937"}],"version-history":[{"count":662,"href":"https:\/\/restaurantemanjares.es\/en\/wp-json\/wp\/v2\/pages\/1937\/revisions"}],"predecessor-version":[{"id":8011,"href":"https:\/\/restaurantemanjares.es\/en\/wp-json\/wp\/v2\/pages\/1937\/revisions\/8011"}],"wp:featuredmedia":[{"embeddable":true,"href":"https:\/\/restaurantemanjares.es\/en\/wp-json\/wp\/v2\/media\/1368"}],"wp:attachment":[{"href":"https:\/\/restaurantemanjares.es\/en\/wp-json\/wp\/v2\/media?parent=1937"}],"curies":[{"name":"wp","href":"https:\/\/api.w.org\/{rel}","templated":true}]}}